{"id":505,"date":"2021-12-15T15:17:01","date_gmt":"2021-12-15T18:17:01","guid":{"rendered":"https:\/\/arrojoengenharia.com\/?page_id=505"},"modified":"2023-08-17T17:32:34","modified_gmt":"2023-08-17T20:32:34","slug":"publicacoes","status":"publish","type":"page","link":"https:\/\/arrojoengenharia.com\/?page_id=505","title":{"rendered":"Publica\u00e7\u00f5es"},"content":{"rendered":"\t\t<div data-elementor-type=\"wp-page\" data-elementor-id=\"505\" class=\"elementor elementor-505\">\n\t\t\t\t\t\t<section class=\"elementor-section elementor-top-section elementor-element elementor-element-6435312 elementor-section-boxed elementor-section-height-default elementor-section-height-default\" data-id=\"6435312\" data-element_type=\"section\">\n\t\t\t\t\t\t<div class=\"elementor-container elementor-column-gap-default\">\n\t\t\t\t\t<div class=\"elementor-column elementor-col-100 elementor-top-column elementor-element elementor-element-1500a84\" data-id=\"1500a84\" data-element_type=\"column\">\n\t\t\t<div class=\"elementor-widget-wrap elementor-element-populated\">\n\t\t\t\t\t\t<div class=\"elementor-element elementor-element-13eef65 elementor-widget elementor-widget-upk-elite-grid\" data-id=\"13eef65\" data-element_type=\"widget\" data-widget_type=\"upk-elite-grid.default\">\n\t\t\t\t<div class=\"elementor-widget-container\">\n\t\t\t\t\t<div class=\"upk-elite-grid\">\n\t\t\t<div class=\"upk-post-grid upk-style-1\">\n\n\t\t\t\t\n\t\t\t\t\t\t\t<div class=\"upk-item\">\n\t\t\t<div class=\"upk-item-box\">\n\t\t\t\t<div class=\"upk-image-wrap\">\n\t\t\t\t\t<div class=\"upk-main-image\">\n\t\t\t\t\t\t<img fetchpriority=\"high\" decoding=\"async\" width=\"1500\" height=\"1000\" src=\"https:\/\/arrojoengenharia.com\/wp-content\/uploads\/2025\/01\/bandeira_sao_paulo_estampada_dupla_face_0_90x1_28m_1431_2_82a6d7e48cc80b9257784ff24c4b4d32.webp\" class=\"upk-img\" alt=\"Prefeitura de SP prorroga lei de regulariza\u00e7\u00e3o, tamb\u00e9m conhecida como lei da anistia\" srcset=\"https:\/\/arrojoengenharia.com\/wp-content\/uploads\/2025\/01\/bandeira_sao_paulo_estampada_dupla_face_0_90x1_28m_1431_2_82a6d7e48cc80b9257784ff24c4b4d32.webp 1500w, https:\/\/arrojoengenharia.com\/wp-content\/uploads\/2025\/01\/bandeira_sao_paulo_estampada_dupla_face_0_90x1_28m_1431_2_82a6d7e48cc80b9257784ff24c4b4d32-300x200.webp 300w, https:\/\/arrojoengenharia.com\/wp-content\/uploads\/2025\/01\/bandeira_sao_paulo_estampada_dupla_face_0_90x1_28m_1431_2_82a6d7e48cc80b9257784ff24c4b4d32-1024x683.webp 1024w, https:\/\/arrojoengenharia.com\/wp-content\/uploads\/2025\/01\/bandeira_sao_paulo_estampada_dupla_face_0_90x1_28m_1431_2_82a6d7e48cc80b9257784ff24c4b4d32-768x512.webp 768w\" sizes=\"(max-width: 34.9rem) calc(100vw - 2rem), (max-width: 53rem) calc(8 * (100vw \/ 12)), (min-width: 53rem) calc(6 * (100vw \/ 12)), 100vw\" \/>\t\t\t\t\t<\/div>\n\n\t\t\t\t\t\n\t\t\t\t\t\t\t\t\t<\/div>\n\n\t\t\t\t<div class=\"upk-content\">\n\t\t\t\t\t<div>\n\t\t\t\t\t\t<h3 class=\"upk-title\"><a href=\"https:\/\/arrojoengenharia.com\/?p=2239\" title=\"Prefeitura de SP prorroga lei de regulariza\u00e7\u00e3o, tamb\u00e9m conhecida como lei da anistia\" class=\"title-animation-\" >Prefeitura de SP prorroga lei de regulariza\u00e7\u00e3o, tamb\u00e9m conhecida como lei da anistia<\/a><\/h3>\t\t\t\t\t\t<div class=\"upk-text-wrap\">\n\t\t\t\t\t\t\t\t\t<div class=\"upk-text\">\n\t\t\t<p>Prefeitura de SP prorroga lei de regulariza\u00e7\u00e3o, tamb\u00e9m conhecida como lei da anistia Aten\u00e7\u00e3o, propriet\u00e1rios de im\u00f3veis em S\u00e3o Paulo! A Prefeitura prorrogou o prazo para regularizar seu im\u00f3vel pela<\/p>\n\t\t<\/div>\n\t\t\t\t\t\t\t<\/div>\n\n\t\t\t\t\t\t\n\t\t\t\t\t<\/div>\n\t\t\t\t<\/div>\n\n\t\t\t<\/div>\n\t\t<\/div>\n\n\n\t\n\t\t\t\t\n\t\t\t\t\t\t\t<div class=\"upk-item\">\n\t\t\t<div class=\"upk-item-box\">\n\t\t\t\t<div class=\"upk-image-wrap\">\n\t\t\t\t\t<div class=\"upk-main-image\">\n\t\t\t\t\t\t<img decoding=\"async\" width=\"1920\" height=\"1440\" src=\"https:\/\/arrojoengenharia.com\/wp-content\/uploads\/2024\/10\/pexels-pixabay-261679.jpg\" class=\"upk-img\" alt=\"Lei de Regulariza\u00e7\u00e3o de Edifica\u00e7\u00f5es: Prazo Final para Regularizar Im\u00f3veis At\u00e9 Dezembro\u00a0de\u00a02024\" srcset=\"https:\/\/arrojoengenharia.com\/wp-content\/uploads\/2024\/10\/pexels-pixabay-261679.jpg 1920w, https:\/\/arrojoengenharia.com\/wp-content\/uploads\/2024\/10\/pexels-pixabay-261679-300x225.jpg 300w, https:\/\/arrojoengenharia.com\/wp-content\/uploads\/2024\/10\/pexels-pixabay-261679-1024x768.jpg 1024w, https:\/\/arrojoengenharia.com\/wp-content\/uploads\/2024\/10\/pexels-pixabay-261679-768x576.jpg 768w, https:\/\/arrojoengenharia.com\/wp-content\/uploads\/2024\/10\/pexels-pixabay-261679-1536x1152.jpg 1536w, https:\/\/arrojoengenharia.com\/wp-content\/uploads\/2024\/10\/pexels-pixabay-261679-1568x1176.jpg 1568w\" sizes=\"(max-width: 34.9rem) calc(100vw - 2rem), (max-width: 53rem) calc(8 * (100vw \/ 12)), (min-width: 53rem) calc(6 * (100vw \/ 12)), 100vw\" \/>\t\t\t\t\t<\/div>\n\n\t\t\t\t\t\n\t\t\t\t\t\t\t\t\t<\/div>\n\n\t\t\t\t<div class=\"upk-content\">\n\t\t\t\t\t<div>\n\t\t\t\t\t\t<h3 class=\"upk-title\"><a href=\"https:\/\/arrojoengenharia.com\/?p=2221\" title=\"Lei de Regulariza\u00e7\u00e3o de Edifica\u00e7\u00f5es: Prazo Final para Regularizar Im\u00f3veis At\u00e9 Dezembro\u00a0de\u00a02024\" class=\"title-animation-\" >Lei de Regulariza\u00e7\u00e3o de Edifica\u00e7\u00f5es: Prazo Final para Regularizar Im\u00f3veis At\u00e9 Dezembro\u00a0de\u00a02024<\/a><\/h3>\t\t\t\t\t\t<div class=\"upk-text-wrap\">\n\t\t\t\t\t\t\t\t\t<div class=\"upk-text\">\n\t\t\t<p>Lei de Regulariza\u00e7\u00e3o de Edifica\u00e7\u00f5es: Prazo Final para Regularizar Im\u00f3veis At\u00e9 Dezembro&nbsp;de&nbsp;2024 A Lei n\u00ba 17.202\/2019, aprovada pela C\u00e2mara Municipal de S\u00e3o Paulo, facilita a regulariza\u00e7\u00e3o de im\u00f3veis residenciais e<\/p>\n\t\t<\/div>\n\t\t\t\t\t\t\t<\/div>\n\n\t\t\t\t\t\t\n\t\t\t\t\t<\/div>\n\t\t\t\t<\/div>\n\n\t\t\t<\/div>\n\t\t<\/div>\n\n\n\t\n\t\t\t\t\n\t\t\t\t\t\t\t<div class=\"upk-item\">\n\t\t\t<div class=\"upk-item-box\">\n\t\t\t\t<div class=\"upk-image-wrap\">\n\t\t\t\t\t<div class=\"upk-main-image\">\n\t\t\t\t\t\t<img decoding=\"async\" width=\"1200\" height=\"800\" src=\"https:\/\/arrojoengenharia.com\/wp-content\/uploads\/2024\/05\/projeto-meio-ambiente-com-drone.jpg\" class=\"upk-img\" alt=\"Inova\u00e7\u00e3o nos Servi\u00e7os de Engenharia Civil: Como os Drones Est\u00e3o Revolucionando o Setor\" srcset=\"https:\/\/arrojoengenharia.com\/wp-content\/uploads\/2024\/05\/projeto-meio-ambiente-com-drone.jpg 1200w, https:\/\/arrojoengenharia.com\/wp-content\/uploads\/2024\/05\/projeto-meio-ambiente-com-drone-300x200.jpg 300w, https:\/\/arrojoengenharia.com\/wp-content\/uploads\/2024\/05\/projeto-meio-ambiente-com-drone-1024x683.jpg 1024w, https:\/\/arrojoengenharia.com\/wp-content\/uploads\/2024\/05\/projeto-meio-ambiente-com-drone-768x512.jpg 768w\" sizes=\"(max-width: 34.9rem) calc(100vw - 2rem), (max-width: 53rem) calc(8 * (100vw \/ 12)), (min-width: 53rem) calc(6 * (100vw \/ 12)), 100vw\" \/>\t\t\t\t\t<\/div>\n\n\t\t\t\t\t\n\t\t\t\t\t\t\t\t\t<\/div>\n\n\t\t\t\t<div class=\"upk-content\">\n\t\t\t\t\t<div>\n\t\t\t\t\t\t<h3 class=\"upk-title\"><a href=\"https:\/\/arrojoengenharia.com\/?p=2202\" title=\"Inova\u00e7\u00e3o nos Servi\u00e7os de Engenharia Civil: Como os Drones Est\u00e3o Revolucionando o Setor\" class=\"title-animation-\" >Inova\u00e7\u00e3o nos Servi\u00e7os de Engenharia Civil: Como os Drones Est\u00e3o Revolucionando o Setor<\/a><\/h3>\t\t\t\t\t\t<div class=\"upk-text-wrap\">\n\t\t\t\t\t\t\t\t\t<div class=\"upk-text\">\n\t\t\t<p>Inova\u00e7\u00e3o nos Servi\u00e7os de Engenharia Civil: Como os Drones Est\u00e3o Revolucionando o Setor. Na era da tecnologia, a engenharia civil est\u00e1 passando por uma revolu\u00e7\u00e3o impressionante, e os drones est\u00e3o<\/p>\n\t\t<\/div>\n\t\t\t\t\t\t\t<\/div>\n\n\t\t\t\t\t\t\n\t\t\t\t\t<\/div>\n\t\t\t\t<\/div>\n\n\t\t\t<\/div>\n\t\t<\/div>\n\n\n\t\n\t\t\t\t\n\t\t\t\t\t\t\t<div class=\"upk-item\">\n\t\t\t<div class=\"upk-item-box\">\n\t\t\t\t<div class=\"upk-image-wrap\">\n\t\t\t\t\t<div class=\"upk-main-image\">\n\t\t\t\t\t\t<img loading=\"lazy\" decoding=\"async\" width=\"1920\" height=\"1280\" src=\"https:\/\/arrojoengenharia.com\/wp-content\/uploads\/2024\/04\/pexels-prateekkatyal-2763246.jpg\" class=\"upk-img\" alt=\"Alvar\u00e1s de funcionamento: o que s\u00e3o e por que s\u00e3o importantes?\" srcset=\"https:\/\/arrojoengenharia.com\/wp-content\/uploads\/2024\/04\/pexels-prateekkatyal-2763246.jpg 1920w, https:\/\/arrojoengenharia.com\/wp-content\/uploads\/2024\/04\/pexels-prateekkatyal-2763246-300x200.jpg 300w, https:\/\/arrojoengenharia.com\/wp-content\/uploads\/2024\/04\/pexels-prateekkatyal-2763246-1024x683.jpg 1024w, https:\/\/arrojoengenharia.com\/wp-content\/uploads\/2024\/04\/pexels-prateekkatyal-2763246-768x512.jpg 768w, https:\/\/arrojoengenharia.com\/wp-content\/uploads\/2024\/04\/pexels-prateekkatyal-2763246-1536x1024.jpg 1536w, https:\/\/arrojoengenharia.com\/wp-content\/uploads\/2024\/04\/pexels-prateekkatyal-2763246-1568x1045.jpg 1568w\" sizes=\"(max-width: 34.9rem) calc(100vw - 2rem), (max-width: 53rem) calc(8 * (100vw \/ 12)), (min-width: 53rem) calc(6 * (100vw \/ 12)), 100vw\" \/>\t\t\t\t\t<\/div>\n\n\t\t\t\t\t\n\t\t\t\t\t\t\t\t\t<\/div>\n\n\t\t\t\t<div class=\"upk-content\">\n\t\t\t\t\t<div>\n\t\t\t\t\t\t<h3 class=\"upk-title\"><a href=\"https:\/\/arrojoengenharia.com\/?p=2191\" title=\"Alvar\u00e1s de funcionamento: o que s\u00e3o e por que s\u00e3o importantes?\" class=\"title-animation-\" >Alvar\u00e1s de funcionamento: o que s\u00e3o e por que s\u00e3o importantes?<\/a><\/h3>\t\t\t\t\t\t<div class=\"upk-text-wrap\">\n\t\t\t\t\t\t\t\t\t<div class=\"upk-text\">\n\t\t\t<p>Alvar\u00e1s de funcionamento: o que s\u00e3o e por que s\u00e3o importantes? Voc\u00ea sabia que o alvar\u00e1 de funcionamento \u00e9 um dos documentos mais essenciais para qualquer empreendimento? Compreender o que<\/p>\n\t\t<\/div>\n\t\t\t\t\t\t\t<\/div>\n\n\t\t\t\t\t\t\n\t\t\t\t\t<\/div>\n\t\t\t\t<\/div>\n\n\t\t\t<\/div>\n\t\t<\/div>\n\n\n\t\n\t\t\t\t\n\t\t\t\t\t\t\t<div class=\"upk-item\">\n\t\t\t<div class=\"upk-item-box\">\n\t\t\t\t<div class=\"upk-image-wrap\">\n\t\t\t\t\t<div class=\"upk-main-image\">\n\t\t\t\t\t\t<img loading=\"lazy\" decoding=\"async\" width=\"1920\" height=\"758\" src=\"https:\/\/arrojoengenharia.com\/wp-content\/uploads\/2024\/02\/syhus_syhus_image_400-scaled-1-e1708104835952.webp\" class=\"upk-img\" alt=\"Estudo de viabilidade t\u00e9cnica legal (EVTL)\" srcset=\"https:\/\/arrojoengenharia.com\/wp-content\/uploads\/2024\/02\/syhus_syhus_image_400-scaled-1-e1708104835952.webp 1920w, https:\/\/arrojoengenharia.com\/wp-content\/uploads\/2024\/02\/syhus_syhus_image_400-scaled-1-e1708104835952-300x118.webp 300w, https:\/\/arrojoengenharia.com\/wp-content\/uploads\/2024\/02\/syhus_syhus_image_400-scaled-1-e1708104835952-1024x404.webp 1024w, https:\/\/arrojoengenharia.com\/wp-content\/uploads\/2024\/02\/syhus_syhus_image_400-scaled-1-e1708104835952-768x303.webp 768w, https:\/\/arrojoengenharia.com\/wp-content\/uploads\/2024\/02\/syhus_syhus_image_400-scaled-1-e1708104835952-1536x606.webp 1536w, https:\/\/arrojoengenharia.com\/wp-content\/uploads\/2024\/02\/syhus_syhus_image_400-scaled-1-e1708104835952-1568x619.webp 1568w\" sizes=\"(max-width: 34.9rem) calc(100vw - 2rem), (max-width: 53rem) calc(8 * (100vw \/ 12)), (min-width: 53rem) calc(6 * (100vw \/ 12)), 100vw\" \/>\t\t\t\t\t<\/div>\n\n\t\t\t\t\t\n\t\t\t\t\t\t\t\t\t<\/div>\n\n\t\t\t\t<div class=\"upk-content\">\n\t\t\t\t\t<div>\n\t\t\t\t\t\t<h3 class=\"upk-title\"><a href=\"https:\/\/arrojoengenharia.com\/?p=2166\" title=\"Estudo de viabilidade t\u00e9cnica legal (EVTL)\" class=\"title-animation-\" >Estudo de viabilidade t\u00e9cnica legal (EVTL)<\/a><\/h3>\t\t\t\t\t\t<div class=\"upk-text-wrap\">\n\t\t\t\t\t\t\t\t\t<div class=\"upk-text\">\n\t\t\t<p>Estudo de viabilidade t\u00e9cnica legal (EVTL) O Estudo de Viabilidade T\u00e9cnico Legal (EVTL) \u00e9 uma an\u00e1lise detalhada realizada antes do in\u00edcio de um projeto, empreendimento ou iniciativa, com o objetivo<\/p>\n\t\t<\/div>\n\t\t\t\t\t\t\t<\/div>\n\n\t\t\t\t\t\t\n\t\t\t\t\t<\/div>\n\t\t\t\t<\/div>\n\n\t\t\t<\/div>\n\t\t<\/div>\n\n\n\t\n\t\t\t\t\n\t\t\t\t\t\t\t<div class=\"upk-item\">\n\t\t\t<div class=\"upk-item-box\">\n\t\t\t\t<div class=\"upk-image-wrap\">\n\t\t\t\t\t<div class=\"upk-main-image\">\n\t\t\t\t\t\t<img loading=\"lazy\" decoding=\"async\" width=\"1920\" height=\"1279\" src=\"https:\/\/arrojoengenharia.com\/wp-content\/uploads\/2021\/12\/pexels-pixabay-358636.jpg\" class=\"upk-img\" alt=\"&#8220;Arrumando a casa&#8221;: Novo programa de regulariza\u00e7\u00e3o de S\u00e3o Bernardo\" srcset=\"https:\/\/arrojoengenharia.com\/wp-content\/uploads\/2021\/12\/pexels-pixabay-358636.jpg 1920w, https:\/\/arrojoengenharia.com\/wp-content\/uploads\/2021\/12\/pexels-pixabay-358636-300x200.jpg 300w, https:\/\/arrojoengenharia.com\/wp-content\/uploads\/2021\/12\/pexels-pixabay-358636-1024x682.jpg 1024w, https:\/\/arrojoengenharia.com\/wp-content\/uploads\/2021\/12\/pexels-pixabay-358636-768x512.jpg 768w, https:\/\/arrojoengenharia.com\/wp-content\/uploads\/2021\/12\/pexels-pixabay-358636-1536x1023.jpg 1536w, https:\/\/arrojoengenharia.com\/wp-content\/uploads\/2021\/12\/pexels-pixabay-358636-1568x1045.jpg 1568w\" sizes=\"(max-width: 34.9rem) calc(100vw - 2rem), (max-width: 53rem) calc(8 * (100vw \/ 12)), (min-width: 53rem) calc(6 * (100vw \/ 12)), 100vw\" \/>\t\t\t\t\t<\/div>\n\n\t\t\t\t\t\n\t\t\t\t\t\t\t\t\t<\/div>\n\n\t\t\t\t<div class=\"upk-content\">\n\t\t\t\t\t<div>\n\t\t\t\t\t\t<h3 class=\"upk-title\"><a href=\"https:\/\/arrojoengenharia.com\/?p=2007\" title=\"&#8220;Arrumando a casa&#8221;: Novo programa de regulariza\u00e7\u00e3o de S\u00e3o Bernardo\" class=\"title-animation-\" >&#8220;Arrumando a casa&#8221;: Novo programa de regulariza\u00e7\u00e3o de S\u00e3o Bernardo<\/a><\/h3>\t\t\t\t\t\t<div class=\"upk-text-wrap\">\n\t\t\t\t\t\t\t\t\t<div class=\"upk-text\">\n\t\t\t<p>\"Arrumando a casa\": Novo programa de regulariza\u00e7\u00e3o de S\u00e3o Bernardo Lei 7.225\/ agosto de 2023.S\u00e3o Bernardo aprovou na \u00faltima quarta-feira (09\/08) pela C\u00e2mara Municipal, o programa Arrumando a Casa que<\/p>\n\t\t<\/div>\n\t\t\t\t\t\t\t<\/div>\n\n\t\t\t\t\t\t\n\t\t\t\t\t<\/div>\n\t\t\t\t<\/div>\n\n\t\t\t<\/div>\n\t\t<\/div>\n\n\n\t\n\t\t\t\t\t\t\t<\/div>\n\t\t<\/div>\n\n\t\t\t\t<\/div>\n\t\t\t\t<\/div>\n\t\t\t\t\t<\/div>\n\t\t<\/div>\n\t\t\t\t\t<\/div>\n\t\t<\/section>\n\t\t\t\t<\/div>\n\t\t","protected":false},"excerpt":{"rendered":"<p>&#8220;Arrumando a casa&#8221;: Novo programa de regulariza\u00e7\u00e3o de S\u00e3o Bernardo &#8220;Arrumando a casa&#8221;: Novo programa de regulariza\u00e7\u00e3o de S\u00e3o Bernardo Lei 7.225\/ agosto de 2023. S\u00e3o Bernardo aprovou na \u00faltima quarta-feira (09\/08) pela C\u00e2mara Municipal, o programa Arrumando a Casa O que \u00e9 topografia O que \u00e9 topografia A topografia \u00e9 uma disciplina que se &hellip; <\/p>\n<p class=\"link-more\"><a href=\"https:\/\/arrojoengenharia.com\/?p=2007\" class=\"more-link\">Continue lendo<span class=\"screen-reader-text\"> &#8220;&#8220;Arrumando a casa&#8221;: Novo programa de regulariza\u00e7\u00e3o de S\u00e3o Bernardo&#8221;<\/span><\/a><\/p>\n","protected":false},"author":1,"featured_media":0,"parent":0,"menu_order":0,"comment_status":"closed","ping_status":"closed","template":"elementor_canvas","meta":{"_monsterinsights_skip_tracking":false,"_monsterinsights_sitenote_active":false,"_monsterinsights_sitenote_note":"","_monsterinsights_sitenote_category":0,"footnotes":""},"class_list":["post-505","page","type-page","status-publish","hentry","entry"],"aioseo_notices":[],"_links":{"self":[{"href":"https:\/\/arrojoengenharia.com\/index.php?rest_route=\/wp\/v2\/pages\/505","targetHints":{"allow":["GET"]}}],"collection":[{"href":"https:\/\/arrojoengenharia.com\/index.php?rest_route=\/wp\/v2\/pages"}],"about":[{"href":"https:\/\/arrojoengenharia.com\/index.php?rest_route=\/wp\/v2\/types\/page"}],"author":[{"embeddable":true,"href":"https:\/\/arrojoengenharia.com\/index.php?rest_route=\/wp\/v2\/users\/1"}],"replies":[{"embeddable":true,"href":"https:\/\/arrojoengenharia.com\/index.php?rest_route=%2Fwp%2Fv2%2Fcomments&post=505"}],"version-history":[{"count":52,"href":"https:\/\/arrojoengenharia.com\/index.php?rest_route=\/wp\/v2\/pages\/505\/revisions"}],"predecessor-version":[{"id":2019,"href":"https:\/\/arrojoengenharia.com\/index.php?rest_route=\/wp\/v2\/pages\/505\/revisions\/2019"}],"wp:attachment":[{"href":"https:\/\/arrojoengenharia.com\/index.php?rest_route=%2Fwp%2Fv2%2Fmedia&parent=505"}],"curies":[{"name":"wp","href":"https:\/\/api.w.org\/{rel}","templated":true}]}}